{"id":6181,"date":"2022-03-31T18:32:55","date_gmt":"2022-03-31T16:32:55","guid":{"rendered":"https:\/\/www.victoriadressel.de\/?page_id=6181"},"modified":"2022-04-13T18:47:41","modified_gmt":"2022-04-13T16:47:41","slug":"news","status":"publish","type":"page","link":"https:\/\/www.victoriadressel.de\/en\/news\/","title":{"rendered":"News"},"content":{"rendered":"<div data-elementor-type=\"wp-page\" data-elementor-id=\"6181\" class=\"elementor elementor-6181\" data-elementor-settings=\"[]\">\n\t\t\t\t\t\t<div class=\"elementor-inner\">\n\t\t\t\t\t\t\t<div class=\"elementor-section-wrap\">\n\t\t\t\t\t\t\t<section class=\"elementor-section elementor-top-section elementor-element elementor-element-334e130 elementor-section-boxed elementor-section-height-default elementor-section-height-default\" data-id=\"334e130\" data-element_type=\"section\">\n\t\t\t\t\t\t<div class=\"elementor-container elementor-column-gap-no\">\n\t\t\t\t\t\t\t<div class=\"elementor-row\">\n\t\t\t\t\t<div class=\"elementor-column elementor-col-100 elementor-top-column elementor-element elementor-element-be6ade5\" data-id=\"be6ade5\" data-element_type=\"column\">\n\t\t\t<div class=\"elementor-column-wrap elementor-element-populated\">\n\t\t\t\t\t\t\t<div class=\"elementor-widget-wrap\">\n\t\t\t\t\t\t<div class=\"elementor-element elementor-element-1f07952 elementor-grid-3 elementor-grid-tablet-2 elementor-grid-mobile-1 elementor-posts--thumbnail-top elementor-widget elementor-widget-posts\" data-id=\"1f07952\" data-element_type=\"widget\" data-settings=\"{&quot;classic_columns&quot;:&quot;3&quot;,&quot;classic_columns_tablet&quot;:&quot;2&quot;,&quot;classic_columns_mobile&quot;:&quot;1&quot;,&quot;classic_row_gap&quot;:{&quot;unit&quot;:&quot;px&quot;,&quot;size&quot;:35,&quot;sizes&quot;:[]}}\" data-widget_type=\"posts.classic\">\n\t\t\t\t<div class=\"elementor-widget-container\">\n\t\t\t\t\t<div class=\"elementor-posts-container elementor-posts elementor-posts--skin-classic elementor-grid\">\n\t\t\t\t<article class=\"elementor-post elementor-grid-item post-10401 post type-post status-publish format-standard has-post-thumbnail hentry category-live category-workshop category-yoga tag-heilung tag-kraftquelle tag-session tag-workshop tag-wut\">\n\t\t\t\t<a class=\"elementor-post__thumbnail__link\" href=\"https:\/\/www.victoriadressel.de\/en\/2026\/03\/01\/workshop-wut-als-ressource-nutzen\/\" >\n\t\t\t<div class=\"elementor-post__thumbnail\"><img width=\"768\" height=\"1365\" src=\"https:\/\/www.victoriadressel.de\/wp-content\/uploads\/2026\/03\/20260314-Wut-Workshop_Bild_Flyer-768x1365.png\" class=\"attachment-medium_large size-medium_large\" alt=\"Wut Workshop G14 im M\u00e4rz\" loading=\"lazy\" srcset=\"https:\/\/www.victoriadressel.de\/wp-content\/uploads\/2026\/03\/20260314-Wut-Workshop_Bild_Flyer-768x1365.png 768w, https:\/\/www.victoriadressel.de\/wp-content\/uploads\/2026\/03\/20260314-Wut-Workshop_Bild_Flyer-169x300.png 169w, https:\/\/www.victoriadressel.de\/wp-content\/uploads\/2026\/03\/20260314-Wut-Workshop_Bild_Flyer-576x1024.png 576w, https:\/\/www.victoriadressel.de\/wp-content\/uploads\/2026\/03\/20260314-Wut-Workshop_Bild_Flyer-864x1536.png 864w, https:\/\/www.victoriadressel.de\/wp-content\/uploads\/2026\/03\/20260314-Wut-Workshop_Bild_Flyer-7x12.png 7w, https:\/\/www.victoriadressel.de\/wp-content\/uploads\/2026\/03\/20260314-Wut-Workshop_Bild_Flyer-600x1067.png 600w, https:\/\/www.victoriadressel.de\/wp-content\/uploads\/2026\/03\/20260314-Wut-Workshop_Bild_Flyer.png 1080w\" sizes=\"(max-width: 768px) 100vw, 768px\" \/><\/div>\n\t\t<\/a>\n\t\t\t\t<div class=\"elementor-post__text\">\n\t\t\t\t<h3 class=\"elementor-post__title\">\n\t\t\t<a href=\"https:\/\/www.victoriadressel.de\/en\/2026\/03\/01\/workshop-wut-als-ressource-nutzen\/\" >\n\t\t\t\tWORKSHOP: WUT \u2013 als Ressource nutzen\t\t\t<\/a>\n\t\t<\/h3>\n\t\t\t\t<div class=\"elementor-post__meta-data\">\n\t\t\t\t\t<span class=\"elementor-post-date\">\n\t\t\t1. March 2026\t\t<\/span>\n\t\t\t\t<\/div>\n\t\t\t\t<div class=\"elementor-post__excerpt\">\n\t\t\t<p>WUT \u2013 als Ressource nutzen Was dir keiner wirklich verr\u00e4t, wenn es um Heilung geht, ist, dass Heilung nicht m\u00f6glich ist, ohne bewusst<\/p>\n\t\t<\/div>\n\t\t\t\t\t<a class=\"elementor-post__read-more\" href=\"https:\/\/www.victoriadressel.de\/en\/2026\/03\/01\/workshop-wut-als-ressource-nutzen\/\" >\n\t\t\t\tWeiterlesen \u00bb\t\t\t<\/a>\n\t\t\t\t<\/div>\n\t\t\t\t<\/article>\n\t\t\t\t<article class=\"elementor-post elementor-grid-item post-10398 post type-post status-publish format-standard has-post-thumbnail hentry category-uncategorized tag-asanas tag-atmung tag-event tag-gelassenheit tag-nervensystem tag-pranayama tag-tee tag-verbundenheit tag-yoga\">\n\t\t\t\t<a class=\"elementor-post__thumbnail__link\" href=\"https:\/\/www.victoriadressel.de\/en\/2026\/03\/01\/event-nervensystem-tief-entspannen-lernen\/\" >\n\t\t\t<div class=\"elementor-post__thumbnail\"><img width=\"768\" height=\"512\" src=\"https:\/\/www.victoriadressel.de\/wp-content\/uploads\/2026\/03\/Pic-Advents-Special-768x512.jpg\" class=\"attachment-medium_large size-medium_large\" alt=\"Nervensystem, Yoga\" loading=\"lazy\" srcset=\"https:\/\/www.victoriadressel.de\/wp-content\/uploads\/2026\/03\/Pic-Advents-Special-768x512.jpg 768w, https:\/\/www.victoriadressel.de\/wp-content\/uploads\/2026\/03\/Pic-Advents-Special-300x200.jpg 300w, https:\/\/www.victoriadressel.de\/wp-content\/uploads\/2026\/03\/Pic-Advents-Special-1024x683.jpg 1024w, https:\/\/www.victoriadressel.de\/wp-content\/uploads\/2026\/03\/Pic-Advents-Special-1536x1024.jpg 1536w, https:\/\/www.victoriadressel.de\/wp-content\/uploads\/2026\/03\/Pic-Advents-Special-2048x1365.jpg 2048w, https:\/\/www.victoriadressel.de\/wp-content\/uploads\/2026\/03\/Pic-Advents-Special-18x12.jpg 18w, https:\/\/www.victoriadressel.de\/wp-content\/uploads\/2026\/03\/Pic-Advents-Special-600x400.jpg 600w\" sizes=\"(max-width: 768px) 100vw, 768px\" \/><\/div>\n\t\t<\/a>\n\t\t\t\t<div class=\"elementor-post__text\">\n\t\t\t\t<h3 class=\"elementor-post__title\">\n\t\t\t<a href=\"https:\/\/www.victoriadressel.de\/en\/2026\/03\/01\/event-nervensystem-tief-entspannen-lernen\/\" >\n\t\t\t\tEVENT: Nervensystem tief entspannen lernen\t\t\t<\/a>\n\t\t<\/h3>\n\t\t\t\t<div class=\"elementor-post__meta-data\">\n\t\t\t\t\t<span class=\"elementor-post-date\">\n\t\t\t1. March 2026\t\t<\/span>\n\t\t\t\t<\/div>\n\t\t\t\t<div class=\"elementor-post__excerpt\">\n\t\t\t<p>In dieser zweist\u00fcndigen Session lernst du einfache \u00dcbungen zur Regulation deines Nervensystems, eingebunden in Asanas und Atemarbeit. Die Praxis unterst\u00fctzt dich dabei, wieder<\/p>\n\t\t<\/div>\n\t\t\t\t\t<a class=\"elementor-post__read-more\" href=\"https:\/\/www.victoriadressel.de\/en\/2026\/03\/01\/event-nervensystem-tief-entspannen-lernen\/\" >\n\t\t\t\tWeiterlesen \u00bb\t\t\t<\/a>\n\t\t\t\t<\/div>\n\t\t\t\t<\/article>\n\t\t\t\t<article class=\"elementor-post elementor-grid-item post-10395 post type-post status-publish format-standard has-post-thumbnail hentry category-uncategorized\">\n\t\t\t\t<a class=\"elementor-post__thumbnail__link\" href=\"https:\/\/www.victoriadressel.de\/en\/2026\/03\/01\/neuer-kurs-neu-im-team-yasmin\/\" >\n\t\t\t<div class=\"elementor-post__thumbnail\"><img width=\"768\" height=\"768\" src=\"https:\/\/www.victoriadressel.de\/wp-content\/uploads\/2026\/03\/YasminG14_zugeschnitten-768x768.jpg\" class=\"attachment-medium_large size-medium_large\" alt=\"Yoga Dance Erfahrung mit Yasmin\" loading=\"lazy\" srcset=\"https:\/\/www.victoriadressel.de\/wp-content\/uploads\/2026\/03\/YasminG14_zugeschnitten-768x768.jpg 768w, https:\/\/www.victoriadressel.de\/wp-content\/uploads\/2026\/03\/YasminG14_zugeschnitten-300x300.jpg 300w, https:\/\/www.victoriadressel.de\/wp-content\/uploads\/2026\/03\/YasminG14_zugeschnitten-1024x1024.jpg 1024w, https:\/\/www.victoriadressel.de\/wp-content\/uploads\/2026\/03\/YasminG14_zugeschnitten-150x150.jpg 150w, https:\/\/www.victoriadressel.de\/wp-content\/uploads\/2026\/03\/YasminG14_zugeschnitten-12x12.jpg 12w, https:\/\/www.victoriadressel.de\/wp-content\/uploads\/2026\/03\/YasminG14_zugeschnitten-600x600.jpg 600w, https:\/\/www.victoriadressel.de\/wp-content\/uploads\/2026\/03\/YasminG14_zugeschnitten-100x100.jpg 100w, https:\/\/www.victoriadressel.de\/wp-content\/uploads\/2026\/03\/YasminG14_zugeschnitten.jpg 1080w\" sizes=\"(max-width: 768px) 100vw, 768px\" \/><\/div>\n\t\t<\/a>\n\t\t\t\t<div class=\"elementor-post__text\">\n\t\t\t\t<h3 class=\"elementor-post__title\">\n\t\t\t<a href=\"https:\/\/www.victoriadressel.de\/en\/2026\/03\/01\/neuer-kurs-neu-im-team-yasmin\/\" >\n\t\t\t\tNEUER KURS Neu im Team: Yasmin\t\t\t<\/a>\n\t\t<\/h3>\n\t\t\t\t<div class=\"elementor-post__meta-data\">\n\t\t\t\t\t<span class=\"elementor-post-date\">\n\t\t\t1. March 2026\t\t<\/span>\n\t\t\t\t<\/div>\n\t\t\t\t<div class=\"elementor-post__excerpt\">\n\t\t\t<p>YogaDance ExplorationDu liebst die Ruhe des Yoga und die Freiheit des Tanzes? In dieser Stunde verbinden wir beides: eine achtsame Yogapraxis trifft auf<\/p>\n\t\t<\/div>\n\t\t\t\t\t<a class=\"elementor-post__read-more\" href=\"https:\/\/www.victoriadressel.de\/en\/2026\/03\/01\/neuer-kurs-neu-im-team-yasmin\/\" >\n\t\t\t\tWeiterlesen \u00bb\t\t\t<\/a>\n\t\t\t\t<\/div>\n\t\t\t\t<\/article>\n\t\t\t\t<article class=\"elementor-post elementor-grid-item post-10273 post type-post status-publish format-standard has-post-thumbnail hentry category-live category-workshop tag-meditation tag-menstruation tag-weiblicher-zyklus tag-workshop tag-yin tag-yin-yoga tag-yoga tag-yogapraxis tag-zyklus\">\n\t\t\t\t<a class=\"elementor-post__thumbnail__link\" href=\"https:\/\/www.victoriadressel.de\/en\/2025\/11\/03\/workshop-mit-claire\/\" >\n\t\t\t<div class=\"elementor-post__thumbnail\"><img width=\"768\" height=\"960\" src=\"https:\/\/www.victoriadressel.de\/wp-content\/uploads\/2025\/11\/20251108_Yoga-bei-Menstruation-768x960.png\" class=\"attachment-medium_large size-medium_large\" alt=\"Yoga f\u00fcr Menstruierende\" loading=\"lazy\" srcset=\"https:\/\/www.victoriadressel.de\/wp-content\/uploads\/2025\/11\/20251108_Yoga-bei-Menstruation-768x960.png 768w, https:\/\/www.victoriadressel.de\/wp-content\/uploads\/2025\/11\/20251108_Yoga-bei-Menstruation-240x300.png 240w, https:\/\/www.victoriadressel.de\/wp-content\/uploads\/2025\/11\/20251108_Yoga-bei-Menstruation-819x1024.png 819w, https:\/\/www.victoriadressel.de\/wp-content\/uploads\/2025\/11\/20251108_Yoga-bei-Menstruation-10x12.png 10w, https:\/\/www.victoriadressel.de\/wp-content\/uploads\/2025\/11\/20251108_Yoga-bei-Menstruation-600x750.png 600w, https:\/\/www.victoriadressel.de\/wp-content\/uploads\/2025\/11\/20251108_Yoga-bei-Menstruation.png 1080w\" sizes=\"(max-width: 768px) 100vw, 768px\" \/><\/div>\n\t\t<\/a>\n\t\t\t\t<div class=\"elementor-post__text\">\n\t\t\t\t<h3 class=\"elementor-post__title\">\n\t\t\t<a href=\"https:\/\/www.victoriadressel.de\/en\/2025\/11\/03\/workshop-mit-claire\/\" >\n\t\t\t\tWorkshop mit CLAIRE\t\t\t<\/a>\n\t\t<\/h3>\n\t\t\t\t<div class=\"elementor-post__meta-data\">\n\t\t\t\t\t<span class=\"elementor-post-date\">\n\t\t\t3. November 2025\t\t<\/span>\n\t\t\t\t<\/div>\n\t\t\t\t<div class=\"elementor-post__excerpt\">\n\t\t\t<p>Join us for a gentle 1.5-hour workshop designed for all bodies experiencing menstruation. We\u2019ll explore how yoga can help ease common menstrual discomforts<\/p>\n\t\t<\/div>\n\t\t\t\t\t<a class=\"elementor-post__read-more\" href=\"https:\/\/www.victoriadressel.de\/en\/2025\/11\/03\/workshop-mit-claire\/\" >\n\t\t\t\tWeiterlesen \u00bb\t\t\t<\/a>\n\t\t\t\t<\/div>\n\t\t\t\t<\/article>\n\t\t\t\t<article class=\"elementor-post elementor-grid-item post-10270 post type-post status-publish format-standard has-post-thumbnail hentry category-online category-uncategorized tag-g14 tag-homepage tag-kursprogramm tag-leipzig tag-online tag-studio tag-studiog14 tag-stundenplan tag-stundenplaene tag-ueberblick tag-webseite tag-werbung\">\n\t\t\t\t<a class=\"elementor-post__thumbnail__link\" href=\"https:\/\/www.victoriadressel.de\/en\/2025\/11\/03\/demnaechst-online-studio-g14\/\" >\n\t\t\t<div class=\"elementor-post__thumbnail\"><img width=\"768\" height=\"417\" src=\"https:\/\/www.victoriadressel.de\/wp-content\/uploads\/2025\/11\/Studio-G14_neue-Webseite-768x417.jpeg\" class=\"attachment-medium_large size-medium_large\" alt=\"Studio G14 Webseite bald\" loading=\"lazy\" srcset=\"https:\/\/www.victoriadressel.de\/wp-content\/uploads\/2025\/11\/Studio-G14_neue-Webseite-768x417.jpeg 768w, https:\/\/www.victoriadressel.de\/wp-content\/uploads\/2025\/11\/Studio-G14_neue-Webseite-300x163.jpeg 300w, https:\/\/www.victoriadressel.de\/wp-content\/uploads\/2025\/11\/Studio-G14_neue-Webseite-1024x556.jpeg 1024w, https:\/\/www.victoriadressel.de\/wp-content\/uploads\/2025\/11\/Studio-G14_neue-Webseite-1536x834.jpeg 1536w, https:\/\/www.victoriadressel.de\/wp-content\/uploads\/2025\/11\/Studio-G14_neue-Webseite-18x10.jpeg 18w, https:\/\/www.victoriadressel.de\/wp-content\/uploads\/2025\/11\/Studio-G14_neue-Webseite-600x326.jpeg 600w, https:\/\/www.victoriadressel.de\/wp-content\/uploads\/2025\/11\/Studio-G14_neue-Webseite.jpeg 1599w\" sizes=\"(max-width: 768px) 100vw, 768px\" \/><\/div>\n\t\t<\/a>\n\t\t\t\t<div class=\"elementor-post__text\">\n\t\t\t\t<h3 class=\"elementor-post__title\">\n\t\t\t<a href=\"https:\/\/www.victoriadressel.de\/en\/2025\/11\/03\/demnaechst-online-studio-g14\/\" >\n\t\t\t\tDemn\u00e4chst online: STUDIO G14\t\t\t<\/a>\n\t\t<\/h3>\n\t\t\t\t<div class=\"elementor-post__meta-data\">\n\t\t\t\t\t<span class=\"elementor-post-date\">\n\t\t\t3. November 2025\t\t<\/span>\n\t\t\t\t<\/div>\n\t\t\t\t<div class=\"elementor-post__excerpt\">\n\t\t\t<p>BALD IST ES SOWEIT! In Zusammenarbeit mit HawaiiF3 und Steffen Rademacker entsteht derzeit unsere neue Online-Pr\u00e4senz f\u00fcr das Studio G14. Schon bald wird<\/p>\n\t\t<\/div>\n\t\t\t\t\t<a class=\"elementor-post__read-more\" href=\"https:\/\/www.victoriadressel.de\/en\/2025\/11\/03\/demnaechst-online-studio-g14\/\" >\n\t\t\t\tWeiterlesen \u00bb\t\t\t<\/a>\n\t\t\t\t<\/div>\n\t\t\t\t<\/article>\n\t\t\t\t<article class=\"elementor-post elementor-grid-item post-10258 post type-post status-publish format-standard has-post-thumbnail hentry category-live category-yoga tag-achtsamkeit tag-achtsamkeitsuebungen tag-energie tag-feminismus tag-meditation tag-weiblichkeit tag-yin tag-yin-circle tag-yin-yoga\">\n\t\t\t\t<a class=\"elementor-post__thumbnail__link\" href=\"https:\/\/www.victoriadressel.de\/en\/2025\/10\/06\/yin-circle-mit-maria-montag-1930-2045-uhr-start-14-10-2025\/\" >\n\t\t\t<div class=\"elementor-post__thumbnail\"><img width=\"768\" height=\"1110\" src=\"https:\/\/www.victoriadressel.de\/wp-content\/uploads\/2025\/10\/Jane_1-768x1110.jpeg\" class=\"attachment-medium_large size-medium_large\" alt=\"\" loading=\"lazy\" srcset=\"https:\/\/www.victoriadressel.de\/wp-content\/uploads\/2025\/10\/Jane_1-768x1110.jpeg 768w, https:\/\/www.victoriadressel.de\/wp-content\/uploads\/2025\/10\/Jane_1-208x300.jpeg 208w, https:\/\/www.victoriadressel.de\/wp-content\/uploads\/2025\/10\/Jane_1-709x1024.jpeg 709w, https:\/\/www.victoriadressel.de\/wp-content\/uploads\/2025\/10\/Jane_1-1063x1536.jpeg 1063w, https:\/\/www.victoriadressel.de\/wp-content\/uploads\/2025\/10\/Jane_1-1417x2048.jpeg 1417w, https:\/\/www.victoriadressel.de\/wp-content\/uploads\/2025\/10\/Jane_1-8x12.jpeg 8w, https:\/\/www.victoriadressel.de\/wp-content\/uploads\/2025\/10\/Jane_1-600x867.jpeg 600w, https:\/\/www.victoriadressel.de\/wp-content\/uploads\/2025\/10\/Jane_1-scaled.jpeg 1772w\" sizes=\"(max-width: 768px) 100vw, 768px\" \/><\/div>\n\t\t<\/a>\n\t\t\t\t<div class=\"elementor-post__text\">\n\t\t\t\t<h3 class=\"elementor-post__title\">\n\t\t\t<a href=\"https:\/\/www.victoriadressel.de\/en\/2025\/10\/06\/yin-circle-mit-maria-montag-1930-2045-uhr-start-14-10-2025\/\" >\n\t\t\t\tYIN CIRCLE mit MARIA Montag 19:30 &#8211; 20:45 Uhr Start: 14.10.2025\t\t\t<\/a>\n\t\t<\/h3>\n\t\t\t\t<div class=\"elementor-post__meta-data\">\n\t\t\t\t\t<span class=\"elementor-post-date\">\n\t\t\t6. October 2025\t\t<\/span>\n\t\t\t\t<\/div>\n\t\t\t\t<div class=\"elementor-post__excerpt\">\n\t\t\t<p>Der Yin Circle l\u00e4dt dich ein, in einem sicheren Raum nur f\u00fcr Frauen zur Ruhe zu kommen, loszulassen und ganz bei dir selbst<\/p>\n\t\t<\/div>\n\t\t\t\t\t<a class=\"elementor-post__read-more\" href=\"https:\/\/www.victoriadressel.de\/en\/2025\/10\/06\/yin-circle-mit-maria-montag-1930-2045-uhr-start-14-10-2025\/\" >\n\t\t\t\tWeiterlesen \u00bb\t\t\t<\/a>\n\t\t\t\t<\/div>\n\t\t\t\t<\/article>\n\t\t\t\t<\/div>\n\t\t\t\t<nav class=\"elementor-pagination\" role=\"navigation\" aria-label=\"Pagination\">\n\t\t\t<span class=\"page-numbers prev\">&laquo; Voriger<\/span>\n<a class=\"page-numbers next\" href=\"https:\/\/www.victoriadressel.de\/en\/wp-json\/wp\/v2\/pages\/6181\/page\/2\/\">N\u00e4chster &raquo;<\/a>\t\t<\/nav>\n\t\t\t\t<\/div>\n\t\t\t\t<\/div>\n\t\t\t\t\t\t<\/div>\n\t\t\t\t\t<\/div>\n\t\t<\/div>\n\t\t\t\t\t\t\t\t<\/div>\n\t\t\t\t\t<\/div>\n\t\t<\/section>\n\t\t\t\t\t\t<\/div>\n\t\t\t\t\t\t<\/div>\n\t\t\t\t\t<\/div>","protected":false},"excerpt":{"rendered":"","protected":false},"author":4,"featured_media":0,"parent":0,"menu_order":0,"comment_status":"closed","ping_status":"closed","template":"elementor_header_footer","meta":{"_monsterinsights_skip_tracking":false,"_monsterinsights_sitenote_active":false,"_monsterinsights_sitenote_note":"","_monsterinsights_sitenote_category":0,"_links_to":"","_links_to_target":""},"_links":{"self":[{"href":"https:\/\/www.victoriadressel.de\/en\/wp-json\/wp\/v2\/pages\/6181"}],"collection":[{"href":"https:\/\/www.victoriadressel.de\/en\/wp-json\/wp\/v2\/pages"}],"about":[{"href":"https:\/\/www.victoriadressel.de\/en\/wp-json\/wp\/v2\/types\/page"}],"author":[{"embeddable":true,"href":"https:\/\/www.victoriadressel.de\/en\/wp-json\/wp\/v2\/users\/4"}],"replies":[{"embeddable":true,"href":"https:\/\/www.victoriadressel.de\/en\/wp-json\/wp\/v2\/comments?post=6181"}],"version-history":[{"count":10,"href":"https:\/\/www.victoriadressel.de\/en\/wp-json\/wp\/v2\/pages\/6181\/revisions"}],"predecessor-version":[{"id":6425,"href":"https:\/\/www.victoriadressel.de\/en\/wp-json\/wp\/v2\/pages\/6181\/revisions\/6425"}],"wp:attachment":[{"href":"https:\/\/www.victoriadressel.de\/en\/wp-json\/wp\/v2\/media?parent=6181"}],"curies":[{"name":"wp","href":"https:\/\/api.w.org\/{rel}","templated":true}]}}